{"id":297,"date":"2014-06-12T15:54:10","date_gmt":"2014-06-12T15:54:10","guid":{"rendered":"http:\/\/wp.perlduekkers-seefahrt.de\/?page_id=297"},"modified":"2018-06-02T09:41:47","modified_gmt":"2018-06-02T09:41:47","slug":"stueckgutfrachter-paul-schroeder","status":"publish","type":"page","link":"https:\/\/perlduekkers-seefahrt.de\/?page_id=297","title":{"rendered":"St\u00fcckgutfrachter PAUL SCHROEDER"},"content":{"rendered":"\n\t\t<style type=\"text\/css\">\n\t\t\t#gallery-1 {\n\t\t\t\tmargin: auto;\n\t\t\t}\n\t\t\t#gallery-1 .gallery-item {\n\t\t\t\tfloat: left;\n\t\t\t\tmargin-top: 10px;\n\t\t\t\ttext-align: center;\n\t\t\t\twidth: 50%;\n\t\t\t}\n\t\t\t#gallery-1 img {\n\t\t\t\tborder: 2px solid #cfcfcf;\n\t\t\t}\n\t\t\t#gallery-1 .gallery-caption {\n\t\t\t\tmargin-left: 0;\n\t\t\t}\n\t\t\t\/* see gallery_shortcode() in wp-includes\/media.php *\/\n\t\t<\/style>\n\t\t<div id='gallery-1' class='gallery galleryid-297 gallery-columns-2 gallery-size-thumbnail'><dl class='gallery-item'>\n\t\t\t<dt class='gallery-icon landscape'>\n\t\t\t\t<a href='https:\/\/perlduekkers-seefahrt.de\/wp-content\/uploads\/2014\/06\/paul1.jpg'><img width=\"150\" height=\"150\" src=\"https:\/\/perlduekkers-seefahrt.de\/wp-content\/uploads\/2014\/06\/paul1-150x150.jpg\" class=\"attachment-thumbnail size-thumbnail\" alt=\"\" loading=\"lazy\" aria-describedby=\"gallery-1-567\" \/><\/a>\n\t\t\t<\/dt>\n\t\t\t\t<dd class='wp-caption-text gallery-caption' id='gallery-1-567'>\n\t\t\t\tPAUL SCHROEDER 1972 in Brasilien, Edelh\u00f6lzer laden f\u00fcr Frankreich. Reederei, Richard Schr\u00f6der, Hamburg. \n(C)  f.s.\n\t\t\t\t<\/dd><\/dl><dl class='gallery-item'>\n\t\t\t<dt class='gallery-icon landscape'>\n\t\t\t\t<a href='https:\/\/perlduekkers-seefahrt.de\/wp-content\/uploads\/2014\/06\/paul-001.jpg'><img width=\"150\" height=\"150\" src=\"https:\/\/perlduekkers-seefahrt.de\/wp-content\/uploads\/2014\/06\/paul-001-150x150.jpg\" class=\"attachment-thumbnail size-thumbnail\" alt=\"\" loading=\"lazy\" aria-describedby=\"gallery-1-558\" \/><\/a>\n\t\t\t<\/dt>\n\t\t\t\t<dd class='wp-caption-text gallery-caption' id='gallery-1-558'>\n\t\t\t\tIm Moment der Aufnahme diente unsere Ladung den Eingeborenen Kindern noch als Sitzgelegenheit.\n(C) f.s.\n\t\t\t\t<\/dd><\/dl><br style=\"clear: both\" \/><dl class='gallery-item'>\n\t\t\t<dt class='gallery-icon portrait'>\n\t\t\t\t<a href='https:\/\/perlduekkers-seefahrt.de\/wp-content\/uploads\/2014\/06\/paul-002.jpg'><img width=\"150\" height=\"150\" src=\"https:\/\/perlduekkers-seefahrt.de\/wp-content\/uploads\/2014\/06\/paul-002-150x150.jpg\" class=\"attachment-thumbnail size-thumbnail\" alt=\"\" loading=\"lazy\" aria-describedby=\"gallery-1-559\" \/><\/a>\n\t\t\t<\/dt>\n\t\t\t\t<dd class='wp-caption-text gallery-caption' id='gallery-1-559'>\n\t\t\t\tDie Sau im Vordergrund lie\u00df sich durch nichts von ihren Fressgewohnheiten abbringen.\n(C) f.s.\n\t\t\t\t<\/dd><\/dl><dl class='gallery-item'>\n\t\t\t<dt class='gallery-icon landscape'>\n\t\t\t\t<a href='https:\/\/perlduekkers-seefahrt.de\/wp-content\/uploads\/2014\/06\/paul3.jpg'><img width=\"150\" height=\"150\" src=\"https:\/\/perlduekkers-seefahrt.de\/wp-content\/uploads\/2014\/06\/paul3-150x150.jpg\" class=\"attachment-thumbnail size-thumbnail\" alt=\"\" loading=\"lazy\" aria-describedby=\"gallery-1-912\" \/><\/a>\n\t\t\t<\/dt>\n\t\t\t\t<dd class='wp-caption-text gallery-caption' id='gallery-1-912'>\n\t\t\t\tNoch ein Blick auf &#8222;Paul&#8220;.\n(C) A.D.\n\t\t\t\t<\/dd><\/dl><br style=\"clear: both\" \/><dl class='gallery-item'>\n\t\t\t<dt class='gallery-icon landscape'>\n\t\t\t\t<a href='https:\/\/perlduekkers-seefahrt.de\/wp-content\/uploads\/2014\/06\/paul-003.jpg'><img width=\"150\" height=\"150\" src=\"https:\/\/perlduekkers-seefahrt.de\/wp-content\/uploads\/2014\/06\/paul-003-150x150.jpg\" class=\"attachment-thumbnail size-thumbnail\" alt=\"\" loading=\"lazy\" aria-describedby=\"gallery-1-560\" \/><\/a>\n\t\t\t<\/dt>\n\t\t\t\t<dd class='wp-caption-text gallery-caption' id='gallery-1-560'>\n\t\t\t\tAu\u00dfenbordarbeit!!?? Andreas und ich versuchen das Arbeitsflo\u00df zu verholen.\n(C) f.s.\n\t\t\t\t<\/dd><\/dl><dl class='gallery-item'>\n\t\t\t<dt class='gallery-icon landscape'>\n\t\t\t\t<a href='https:\/\/perlduekkers-seefahrt.de\/wp-content\/uploads\/2014\/06\/paul-006.jpg'><img width=\"150\" height=\"150\" src=\"https:\/\/perlduekkers-seefahrt.de\/wp-content\/uploads\/2014\/06\/paul-006-150x150.jpg\" class=\"attachment-thumbnail size-thumbnail\" alt=\"\" loading=\"lazy\" aria-describedby=\"gallery-1-563\" \/><\/a>\n\t\t\t<\/dt>\n\t\t\t\t<dd class='wp-caption-text gallery-caption' id='gallery-1-563'>\n\t\t\t\tFast schon Abschied von Brasilien.\n(C) f.s.\n\t\t\t\t<\/dd><\/dl><br style=\"clear: both\" \/><dl class='gallery-item'>\n\t\t\t<dt class='gallery-icon landscape'>\n\t\t\t\t<a href='https:\/\/perlduekkers-seefahrt.de\/wp-content\/uploads\/2014\/06\/paul-007.jpg'><img width=\"150\" height=\"150\" src=\"https:\/\/perlduekkers-seefahrt.de\/wp-content\/uploads\/2014\/06\/paul-007-150x150.jpg\" class=\"attachment-thumbnail size-thumbnail\" alt=\"\" loading=\"lazy\" aria-describedby=\"gallery-1-564\" \/><\/a>\n\t\t\t<\/dt>\n\t\t\t\t<dd class='wp-caption-text gallery-caption' id='gallery-1-564'>\n\t\t\t\tHeimreise.\n(C) f.s.\n\t\t\t\t<\/dd><\/dl><dl class='gallery-item'>\n\t\t\t<dt class='gallery-icon landscape'>\n\t\t\t\t<a href='https:\/\/perlduekkers-seefahrt.de\/wp-content\/uploads\/2014\/06\/paul-008.jpg'><img width=\"150\" height=\"150\" src=\"https:\/\/perlduekkers-seefahrt.de\/wp-content\/uploads\/2014\/06\/paul-008-150x150.jpg\" class=\"attachment-thumbnail size-thumbnail\" alt=\"\" loading=\"lazy\" aria-describedby=\"gallery-1-565\" \/><\/a>\n\t\t\t<\/dt>\n\t\t\t\t<dd class='wp-caption-text gallery-caption' id='gallery-1-565'>\n\t\t\t\tDeckslast.\n(C) f.s.\n\t\t\t\t<\/dd><\/dl><br style=\"clear: both\" \/><dl class='gallery-item'>\n\t\t\t<dt class='gallery-icon landscape'>\n\t\t\t\t<a href='https:\/\/perlduekkers-seefahrt.de\/wp-content\/uploads\/2014\/06\/paul-009.jpg'><img width=\"150\" height=\"150\" src=\"https:\/\/perlduekkers-seefahrt.de\/wp-content\/uploads\/2014\/06\/paul-009-150x150.jpg\" class=\"attachment-thumbnail size-thumbnail\" alt=\"\" loading=\"lazy\" aria-describedby=\"gallery-1-566\" \/><\/a>\n\t\t\t<\/dt>\n\t\t\t\t<dd class='wp-caption-text gallery-caption' id='gallery-1-566'>\n\t\t\t\tEtwas Spritzwasser.\n(C)  f.s.\n\t\t\t\t<\/dd><\/dl><dl class='gallery-item'>\n\t\t\t<dt class='gallery-icon landscape'>\n\t\t\t\t<a href='https:\/\/perlduekkers-seefahrt.de\/wp-content\/uploads\/2014\/06\/paul-X.jpg'><img width=\"150\" height=\"150\" src=\"https:\/\/perlduekkers-seefahrt.de\/wp-content\/uploads\/2014\/06\/paul-X-150x150.jpg\" class=\"attachment-thumbnail size-thumbnail\" alt=\"\" loading=\"lazy\" aria-describedby=\"gallery-1-925\" \/><\/a>\n\t\t\t<\/dt>\n\t\t\t\t<dd class='wp-caption-text gallery-caption' id='gallery-1-925'>\n\t\t\t\tF\u00fcr den Musikfreund an Bord ganz wichtig! Der kardanisch aufgeh\u00e4ngte Plattenspieler!\n(C) A.D.\n\t\t\t\t<\/dd><\/dl><br style=\"clear: both\" \/><dl class='gallery-item'>\n\t\t\t<dt class='gallery-icon landscape'>\n\t\t\t\t<a href='https:\/\/perlduekkers-seefahrt.de\/wp-content\/uploads\/2014\/06\/paul-VIII.jpg'><img width=\"150\" height=\"150\" src=\"https:\/\/perlduekkers-seefahrt.de\/wp-content\/uploads\/2014\/06\/paul-VIII-150x150.jpg\" class=\"attachment-thumbnail size-thumbnail\" alt=\"\" loading=\"lazy\" aria-describedby=\"gallery-1-924\" \/><\/a>\n\t\t\t<\/dt>\n\t\t\t\t<dd class='wp-caption-text gallery-caption' id='gallery-1-924'>\n\t\t\t\tArno, hier in der Mitte, macht einen auf dicke Hose.\n(C) A.D.\n\t\t\t\t<\/dd><\/dl><dl class='gallery-item'>\n\t\t\t<dt class='gallery-icon landscape'>\n\t\t\t\t<a href='https:\/\/perlduekkers-seefahrt.de\/wp-content\/uploads\/2014\/06\/paul-VI.jpg'><img width=\"150\" height=\"150\" src=\"https:\/\/perlduekkers-seefahrt.de\/wp-content\/uploads\/2014\/06\/paul-VI-150x150.jpg\" class=\"attachment-thumbnail size-thumbnail\" alt=\"\" loading=\"lazy\" aria-describedby=\"gallery-1-922\" \/><\/a>\n\t\t\t<\/dt>\n\t\t\t\t<dd class='wp-caption-text gallery-caption' id='gallery-1-922'>\n\t\t\t\tPauline, Soloaufnahme.\n(C) f.s.\n\t\t\t\t<\/dd><\/dl><br style=\"clear: both\" \/><dl class='gallery-item'>\n\t\t\t<dt class='gallery-icon landscape'>\n\t\t\t\t<a href='https:\/\/perlduekkers-seefahrt.de\/wp-content\/uploads\/2014\/06\/paul-V.jpg'><img width=\"150\" height=\"150\" src=\"https:\/\/perlduekkers-seefahrt.de\/wp-content\/uploads\/2014\/06\/paul-V-150x150.jpg\" class=\"attachment-thumbnail size-thumbnail\" alt=\"\" loading=\"lazy\" aria-describedby=\"gallery-1-921\" \/><\/a>\n\t\t\t<\/dt>\n\t\t\t\t<dd class='wp-caption-text gallery-caption' id='gallery-1-921'>\n\t\t\t\tPauline\n(C)  f.s.\n\t\t\t\t<\/dd><\/dl><dl class='gallery-item'>\n\t\t\t<dt class='gallery-icon landscape'>\n\t\t\t\t<a href='https:\/\/perlduekkers-seefahrt.de\/wp-content\/uploads\/2014\/06\/paul-IX.jpg'><img width=\"150\" height=\"150\" src=\"https:\/\/perlduekkers-seefahrt.de\/wp-content\/uploads\/2014\/06\/paul-IX-150x150.jpg\" class=\"attachment-thumbnail size-thumbnail\" alt=\"\" loading=\"lazy\" aria-describedby=\"gallery-1-920\" \/><\/a>\n\t\t\t<\/dt>\n\t\t\t\t<dd class='wp-caption-text gallery-caption' id='gallery-1-920'>\n\t\t\t\tSmall Talk auf dem Achterdeck.\n(C) f.s.\n\t\t\t\t<\/dd><\/dl><br style=\"clear: both\" \/><dl class='gallery-item'>\n\t\t\t<dt class='gallery-icon landscape'>\n\t\t\t\t<a href='https:\/\/perlduekkers-seefahrt.de\/wp-content\/uploads\/2014\/06\/paul-IV.jpg'><img width=\"150\" height=\"150\" src=\"https:\/\/perlduekkers-seefahrt.de\/wp-content\/uploads\/2014\/06\/paul-IV-150x150.jpg\" class=\"attachment-thumbnail size-thumbnail\" alt=\"\" loading=\"lazy\" aria-describedby=\"gallery-1-919\" \/><\/a>\n\t\t\t<\/dt>\n\t\t\t\t<dd class='wp-caption-text gallery-caption' id='gallery-1-919'>\n\t\t\t\tAndreas hofft auf Landgang.\n(C) A.D.\n\t\t\t\t<\/dd><\/dl><dl class='gallery-item'>\n\t\t\t<dt class='gallery-icon landscape'>\n\t\t\t\t<a href='https:\/\/perlduekkers-seefahrt.de\/wp-content\/uploads\/2014\/06\/paul-XIII.jpg'><img width=\"150\" height=\"150\" src=\"https:\/\/perlduekkers-seefahrt.de\/wp-content\/uploads\/2014\/06\/paul-XIII-150x150.jpg\" class=\"attachment-thumbnail size-thumbnail\" alt=\"\" loading=\"lazy\" aria-describedby=\"gallery-1-1019\" \/><\/a>\n\t\t\t<\/dt>\n\t\t\t\t<dd class='wp-caption-text gallery-caption' id='gallery-1-1019'>\n\t\t\t\tDer Landgang lockt immer.\n(C)  A.D.\n\t\t\t\t<\/dd><\/dl><br style=\"clear: both\" \/><dl class='gallery-item'>\n\t\t\t<dt class='gallery-icon landscape'>\n\t\t\t\t<a href='https:\/\/perlduekkers-seefahrt.de\/wp-content\/uploads\/2014\/06\/paul-004.jpg'><img width=\"150\" height=\"150\" src=\"https:\/\/perlduekkers-seefahrt.de\/wp-content\/uploads\/2014\/06\/paul-004-150x150.jpg\" class=\"attachment-thumbnail size-thumbnail\" alt=\"\" loading=\"lazy\" aria-describedby=\"gallery-1-561\" \/><\/a>\n\t\t\t<\/dt>\n\t\t\t\t<dd class='wp-caption-text gallery-caption' id='gallery-1-561'>\n\t\t\t\tEin Fu\u00dfballspiel im brasilianischen Dschungel? Der Platz war mit S\u00e4gemehl aufgesch\u00fcttet.\n(C)  f.s.\n\t\t\t\t<\/dd><\/dl><dl class='gallery-item'>\n\t\t\t<dt class='gallery-icon landscape'>\n\t\t\t\t<a href='https:\/\/perlduekkers-seefahrt.de\/wp-content\/uploads\/2014\/06\/paul-005.jpg'><img width=\"150\" height=\"150\" src=\"https:\/\/perlduekkers-seefahrt.de\/wp-content\/uploads\/2014\/06\/paul-005-150x150.jpg\" class=\"attachment-thumbnail size-thumbnail\" alt=\"\" loading=\"lazy\" aria-describedby=\"gallery-1-562\" \/><\/a>\n\t\t\t<\/dt>\n\t\t\t\t<dd class='wp-caption-text gallery-caption' id='gallery-1-562'>\n\t\t\t\tDas Fu\u00dfballspiel hatten wir leider verloren, aber unseren Bordhund Pauline und ihren Freund den Waschb\u00e4ren st\u00f6rte es nicht, sie spielten trotzdem weiter miteinander. \n(C)  f.s.\n\t\t\t\t<\/dd><\/dl><br style=\"clear: both\" \/><dl class='gallery-item'>\n\t\t\t<dt class='gallery-icon landscape'>\n\t\t\t\t<a href='https:\/\/perlduekkers-seefahrt.de\/wp-content\/uploads\/2014\/06\/paul-III.jpg'><img width=\"150\" height=\"150\" src=\"https:\/\/perlduekkers-seefahrt.de\/wp-content\/uploads\/2014\/06\/paul-III-150x150.jpg\" class=\"attachment-thumbnail size-thumbnail\" alt=\"\" loading=\"lazy\" aria-describedby=\"gallery-1-918\" \/><\/a>\n\t\t\t<\/dt>\n\t\t\t\t<dd class='wp-caption-text gallery-caption' id='gallery-1-918'>\n\t\t\t\tEnde eines Fussballspiels.\n(C)  f.s.\n\t\t\t\t<\/dd><\/dl><dl class='gallery-item'>\n\t\t\t<dt class='gallery-icon landscape'>\n\t\t\t\t<a href='https:\/\/perlduekkers-seefahrt.de\/wp-content\/uploads\/2014\/06\/a019.jpg'><img width=\"150\" height=\"150\" src=\"https:\/\/perlduekkers-seefahrt.de\/wp-content\/uploads\/2014\/06\/a019-150x150.jpg\" class=\"attachment-thumbnail size-thumbnail\" alt=\"\" loading=\"lazy\" aria-describedby=\"gallery-1-956\" \/><\/a>\n\t\t\t<\/dt>\n\t\t\t\t<dd class='wp-caption-text gallery-caption' id='gallery-1-956'>\n\t\t\t\tVerloren! Alle etwas bedr\u00f6ppelt.\n(C)  f.s.\n\t\t\t\t<\/dd><\/dl><br style=\"clear: both\" \/><dl class='gallery-item'>\n\t\t\t<dt class='gallery-icon landscape'>\n\t\t\t\t<a href='https:\/\/perlduekkers-seefahrt.de\/wp-content\/uploads\/2014\/06\/paul-II.jpg'><img width=\"150\" height=\"150\" src=\"https:\/\/perlduekkers-seefahrt.de\/wp-content\/uploads\/2014\/06\/paul-II-150x150.jpg\" class=\"attachment-thumbnail size-thumbnail\" alt=\"\" loading=\"lazy\" aria-describedby=\"gallery-1-917\" \/><\/a>\n\t\t\t<\/dt>\n\t\t\t\t<dd class='wp-caption-text gallery-caption' id='gallery-1-917'>\n\t\t\t\tImmer nur Bl\u00f6dsinn im Kopf.\n(C) f.s.\n\t\t\t\t<\/dd><\/dl><dl class='gallery-item'>\n\t\t\t<dt class='gallery-icon landscape'>\n\t\t\t\t<a href='https:\/\/perlduekkers-seefahrt.de\/wp-content\/uploads\/2014\/06\/paul-XI.jpg'><img width=\"150\" height=\"150\" src=\"https:\/\/perlduekkers-seefahrt.de\/wp-content\/uploads\/2014\/06\/paul-XI-150x150.jpg\" class=\"attachment-thumbnail size-thumbnail\" alt=\"\" loading=\"lazy\" aria-describedby=\"gallery-1-957\" \/><\/a>\n\t\t\t<\/dt>\n\t\t\t\t<dd class='wp-caption-text gallery-caption' id='gallery-1-957'>\n\t\t\t\tAndreas und ein paar nette Damen.\n(C) A.D.\n\t\t\t\t<\/dd><\/dl><br style=\"clear: both\" \/><dl class='gallery-item'>\n\t\t\t<dt class='gallery-icon landscape'>\n\t\t\t\t<a href='https:\/\/perlduekkers-seefahrt.de\/wp-content\/uploads\/2014\/06\/paul-XIV.jpg'><img width=\"150\" height=\"150\" src=\"https:\/\/perlduekkers-seefahrt.de\/wp-content\/uploads\/2014\/06\/paul-XIV-150x150.jpg\" class=\"attachment-thumbnail size-thumbnail\" alt=\"\" loading=\"lazy\" aria-describedby=\"gallery-1-1020\" \/><\/a>\n\t\t\t<\/dt>\n\t\t\t\t<dd class='wp-caption-text gallery-caption' id='gallery-1-1020'>\n\t\t\t\tDie sch\u00f6nen Seiten der Seefahrt.\nLANDGANG!\n(C) A.D.\n(C)  f.s.\n\t\t\t\t<\/dd><\/dl><dl class='gallery-item'>\n\t\t\t<dt class='gallery-icon landscape'>\n\t\t\t\t<a href='https:\/\/perlduekkers-seefahrt.de\/wp-content\/uploads\/2014\/06\/paul-I.jpg'><img width=\"150\" height=\"150\" src=\"https:\/\/perlduekkers-seefahrt.de\/wp-content\/uploads\/2014\/06\/paul-I-150x150.jpg\" class=\"attachment-thumbnail size-thumbnail\" alt=\"\" loading=\"lazy\" aria-describedby=\"gallery-1-887\" \/><\/a>\n\t\t\t<\/dt>\n\t\t\t\t<dd class='wp-caption-text gallery-caption' id='gallery-1-887'>\n\t\t\t\tDeckwaschen, in den Tropen immer recht am\u00fcsant. Im Vordergrund Arno.\n(C) A.D.\n\t\t\t\t<\/dd><\/dl><br style=\"clear: both\" \/><dl class='gallery-item'>\n\t\t\t<dt class='gallery-icon landscape'>\n\t\t\t\t<a href='https:\/\/perlduekkers-seefahrt.de\/wp-content\/uploads\/2014\/06\/paul-VII.jpg'><img width=\"150\" height=\"150\" src=\"https:\/\/perlduekkers-seefahrt.de\/wp-content\/uploads\/2014\/06\/paul-VII-150x150.jpg\" class=\"attachment-thumbnail size-thumbnail\" alt=\"\" loading=\"lazy\" aria-describedby=\"gallery-1-923\" \/><\/a>\n\t\t\t<\/dt>\n\t\t\t\t<dd class='wp-caption-text gallery-caption' id='gallery-1-923'>\n\t\t\t\tEine kleine Pause.\n(C) A.D.\n\t\t\t\t<\/dd><\/dl>\n\t\t\t<br style='clear: both' \/>\n\t\t<\/div>\n\n\n<table id=\"tablepress-20\" class=\"tablepress tablepress-id-20\">\n<tbody class=\"row-hover\">\n<tr class=\"row-1 odd\">\n\t<td class=\"column-1\"><strong>Eigner:<\/strong><\/td><td class=\"column-2\">Reederei <br \/>\nRichard Schr\u00f6der KG<br \/>\nHamburg<\/td>\n<\/tr>\n<tr class=\"row-2 even\">\n\t<td class=\"column-1\"><strong>Bereederung:<\/strong><\/td><td class=\"column-2\">Reederei Schr\u00f6der, Hamburg<br \/>\n<\/td>\n<\/tr>\n<tr class=\"row-3 odd\">\n\t<td class=\"column-1\"><strong>Unterscheidungssignal:<\/strong><\/td><td class=\"column-2\">DHPS<\/td>\n<\/tr>\n<tr class=\"row-4 even\">\n\t<td class=\"column-1\"><strong>Heimathafen:<\/strong><\/td><td class=\"column-2\">Hamburg<\/td>\n<\/tr>\n<tr class=\"row-5 odd\">\n\t<td class=\"column-1\"><strong>L\u00e4nge:<\/strong><\/td><td class=\"column-2\">116,24 m<br \/>\n<\/td>\n<\/tr>\n<tr class=\"row-6 even\">\n\t<td class=\"column-1\"><strong>Breite:<\/strong><\/td><td class=\"column-2\">17,25 m<br \/>\n<\/td>\n<\/tr>\n<tr class=\"row-7 odd\">\n\t<td class=\"column-1\"><strong>Tiefgang:<\/strong><\/td><td class=\"column-2\">9,24 \/ 9,93 m<br \/>\n<\/td>\n<\/tr>\n<tr class=\"row-8 even\">\n\t<td class=\"column-1\"><\/td><td class=\"column-2\"><\/td>\n<\/tr>\n<tr class=\"row-9 odd\">\n\t<td class=\"column-1\"><strong>Tonnage Volldecker<\/strong><\/td><td class=\"column-2\"><\/td>\n<\/tr>\n<tr class=\"row-10 even\">\n\t<td class=\"column-1\"><strong>GRT:<\/strong><\/td><td class=\"column-2\">5.008 t<br \/>\n<\/td>\n<\/tr>\n<tr class=\"row-11 odd\">\n\t<td class=\"column-1\"><strong>NRT:<\/strong><\/td><td class=\"column-2\">3.211 t<br \/>\n<\/td>\n<\/tr>\n<tr class=\"row-12 even\">\n\t<td class=\"column-1\"><strong>tdw:<\/strong><\/td><td class=\"column-2\">7.670 t<br \/>\n<\/td>\n<\/tr>\n<tr class=\"row-13 odd\">\n\t<td class=\"column-1\"><\/td><td class=\"column-2\"><\/td>\n<\/tr>\n<tr class=\"row-14 even\">\n\t<td class=\"column-1\"><strong>Tonnage Freidecker<\/strong><\/td><td class=\"column-2\"><\/td>\n<\/tr>\n<tr class=\"row-15 odd\">\n\t<td class=\"column-1\"><strong>GRT:<\/strong><\/td><td class=\"column-2\"><\/td>\n<\/tr>\n<tr class=\"row-16 even\">\n\t<td class=\"column-1\"><strong>NRT:<\/strong><\/td><td class=\"column-2\"><\/td>\n<\/tr>\n<tr class=\"row-17 odd\">\n\t<td class=\"column-1\"><strong>tdw:<\/strong><\/td><td class=\"column-2\"><\/td>\n<\/tr>\n<tr class=\"row-18 even\">\n\t<td class=\"column-1\"><\/td><td class=\"column-2\"><\/td>\n<\/tr>\n<tr class=\"row-19 odd\">\n\t<td class=\"column-1\"><strong>Cont.Stellpl\u00e4tze:<\/strong><\/td><td class=\"column-2\"><\/td>\n<\/tr>\n<tr class=\"row-20 even\">\n\t<td class=\"column-1\"><strong>Hauptmotor:<\/strong><\/td><td class=\"column-2\">1 Zweitakt Achtzylinder Motor mit 5.600 PSi<br \/>\n<\/td>\n<\/tr>\n<tr class=\"row-21 odd\">\n\t<td class=\"column-1\"><strong>Geschwindigkeit:<\/strong><\/td><td class=\"column-2\">16 Knoten<br \/>\n<\/td>\n<\/tr>\n<tr class=\"row-22 even\">\n\t<td class=\"column-1\"><strong>Bauwerft:<\/strong><\/td><td class=\"column-2\">J.C. Kincaid &amp; Co Ltd. <br \/>\nGreenock<br \/>\nBau Nr.: 420<\/td>\n<\/tr>\n<tr class=\"row-23 odd\">\n\t<td class=\"column-1\"><strong>Stapellauf:<\/strong><\/td><td class=\"column-2\">15.02.1968<br \/>\n<\/td>\n<\/tr>\n<tr class=\"row-24 even\">\n\t<td class=\"column-1\"><strong>Indienststellung:<\/strong><\/td><td class=\"column-2\">1968<br \/>\n<\/td>\n<\/tr>\n<tr class=\"row-25 odd\">\n\t<td class=\"column-1\"><strong>Charter Namen:<\/strong><\/td><td class=\"column-2\"><\/td>\n<\/tr>\n<tr class=\"row-26 even\">\n\t<td class=\"column-1\"><strong>Verbleib:<\/strong><\/td><td class=\"column-2\">1980 an die China Ocean Shipping Co., Shanghai (CHN), umbenannt in YONG CHENG<br \/>\n1984 an die Shanghai Ocean Shipping Co. (COSCO SHANGHAI) Shanghai.<br \/>\n1989 an die Jiangsu Ocean Shipping Co. (COSCO JIANGSU), Nanjing\/Nanking, umbenannt in NAN JING.<\/td>\n<\/tr>\n<\/tbody>\n<\/table>\n<!-- #tablepress-20 from cache -->\n<ul>\n<li><a title=\"Schiffe\" href=\"https:\/\/perlduekkers-seefahrt.de\/?page_id=20\">\u00a0zur\u00fcck zur \u00dcbersicht<\/a><\/li>\n<\/ul>\n","protected":false},"excerpt":{"rendered":"<p>\u00a0zur\u00fcck zur \u00dcbersicht<\/p>\n","protected":false},"author":1,"featured_media":0,"parent":20,"menu_order":0,"comment_status":"closed","ping_status":"open","template":"","meta":[],"_links":{"self":[{"href":"https:\/\/perlduekkers-seefahrt.de\/index.php?rest_route=\/wp\/v2\/pages\/297"}],"collection":[{"href":"https:\/\/perlduekkers-seefahrt.de\/index.php?rest_route=\/wp\/v2\/pages"}],"about":[{"href":"https:\/\/perlduekkers-seefahrt.de\/index.php?rest_route=\/wp\/v2\/types\/page"}],"author":[{"embeddable":true,"href":"https:\/\/perlduekkers-seefahrt.de\/index.php?rest_route=\/wp\/v2\/users\/1"}],"replies":[{"embeddable":true,"href":"https:\/\/perlduekkers-seefahrt.de\/index.php?rest_route=%2Fwp%2Fv2%2Fcomments&post=297"}],"version-history":[{"count":7,"href":"https:\/\/perlduekkers-seefahrt.de\/index.php?rest_route=\/wp\/v2\/pages\/297\/revisions"}],"predecessor-version":[{"id":35653,"href":"https:\/\/perlduekkers-seefahrt.de\/index.php?rest_route=\/wp\/v2\/pages\/297\/revisions\/35653"}],"up":[{"embeddable":true,"href":"https:\/\/perlduekkers-seefahrt.de\/index.php?rest_route=\/wp\/v2\/pages\/20"}],"wp:attachment":[{"href":"https:\/\/perlduekkers-seefahrt.de\/index.php?rest_route=%2Fwp%2Fv2%2Fmedia&parent=297"}],"curies":[{"name":"wp","href":"https:\/\/api.w.org\/{rel}","templated":true}]}}